{"id":20618,"date":"2024-12-26T17:57:50","date_gmt":"2024-12-26T15:57:50","guid":{"rendered":"https:\/\/www.granadablogs.com\/juezcalatayud\/?page_id=20618"},"modified":"2025-01-07T16:05:22","modified_gmt":"2025-01-07T14:05:22","slug":"inicio","status":"publish","type":"page","link":"https:\/\/www.granadablogs.com\/juezcalatayud\/","title":{"rendered":"Inicio"},"content":{"rendered":"\n<div class=\"wp-block-group alignwide has-base-background-color has-background is-layout-flow wp-block-group-is-layout-flow\" style=\"padding-top:0;padding-right:0;padding-bottom:var(--wp--preset--spacing--20);padding-left:0\">\n<div class=\"wp-block-columns is-layout-flex wp-container-core-columns-is-layout-7fc3d43a wp-block-columns-is-layout-flex\">\n<div class=\"wp-block-column contenido_autor is-layout-flow wp-block-column-is-layout-flow\" style=\"padding-top:var(--wp--preset--spacing--40);padding-bottom:var(--wp--preset--spacing--40);flex-basis:15%\">\n<div class=\"wp-block-group autor is-vertical is-content-justification-center is-layout-flex wp-container-core-group-is-layout-582cdc1d wp-block-group-is-layout-flex wp-container-1 is-position-sticky\" style=\"margin-top:0;margin-bottom:0\">\n<figure class=\"wp-block-image size-full is-resized has-custom-border\"><img loading=\"lazy\" decoding=\"async\" width=\"300\" height=\"300\" src=\"https:\/\/www.granadablogs.com\/juezcalatayud\/wp-content\/uploads\/2024\/12\/emilio-calatayud.jpg\" alt=\"\" class=\"wp-image-20624\" style=\"border-radius:100px;width:140px\" srcset=\"https:\/\/www.granadablogs.com\/juezcalatayud\/wp-content\/uploads\/2024\/12\/emilio-calatayud.jpg 300w, https:\/\/www.granadablogs.com\/juezcalatayud\/wp-content\/uploads\/2024\/12\/emilio-calatayud-150x150.jpg 150w\" sizes=\"auto, (max-width: 300px) 100vw, 300px\" \/><\/figure>\n\n\n\n<p class=\"has-text-align-center\"><strong>Emilio Calatayud<\/strong><\/p>\n\n\n\n<ul class=\"wp-block-social-links is-content-justification-center is-layout-flex wp-container-core-social-links-is-layout-a89b3969 wp-block-social-links-is-layout-flex\"><li class=\"wp-social-link wp-social-link-facebook  wp-block-social-link\"><a rel=\"noopener nofollow\" target=\"_blank\" href=\"https:\/\/www.facebook.com\/profile.php?id=100044505636642&#038;ref=embed_page\" class=\"wp-block-social-link-anchor\"><svg width=\"24\" height=\"24\" viewBox=\"0 0 24 24\" version=\"1.1\" xmlns=\"http:\/\/www.w3.org\/2000\/svg\" aria-hidden=\"true\" focusable=\"false\"><path d=\"M12 2C6.5 2 2 6.5 2 12c0 5 3.7 9.1 8.4 9.9v-7H7.9V12h2.5V9.8c0-2.5 1.5-3.9 3.8-3.9 1.1 0 2.2.2 2.2.2v2.5h-1.3c-1.2 0-1.6.8-1.6 1.6V12h2.8l-.4 2.9h-2.3v7C18.3 21.1 22 17 22 12c0-5.5-4.5-10-10-10z\"><\/path><\/svg><span class=\"wp-block-social-link-label screen-reader-text\">Facebook<\/span><\/a><\/li><\/ul>\n\n\n<p class=\"has-text-align-center wp-block-site-tagline\">Blog del Juez de Menores de Granada jubilado y del periodista Carlos Mor\u00e1n<\/p><\/div>\n<\/div>\n\n\n\n<div class=\"wp-block-column contenido_principal is-layout-flow wp-block-column-is-layout-flow\" style=\"padding-top:var(--wp--preset--spacing--40);flex-basis:55%\">\n<div class=\"wp-block-query alignfull is-layout-flow wp-block-query-is-layout-flow\">\n<div class=\"wp-block-group alignfull is-layout-flow wp-block-group-is-layout-flow\" style=\"padding-top:0;padding-right:var(--wp--preset--spacing--10);padding-bottom:var(--wp--preset--spacing--40);padding-left:var(--wp--preset--spacing--10)\"><ul style=\"text-transform:none;\" class=\"wp-block-post-template is-layout-flow wp-block-post-template-is-layout-flow\"><li class=\"wp-block-post post-22332 post type-post status-publish format-standard has-post-thumbnail hentry tag-blog tag-burt-lancaster tag-la-cagaste-2\">\n\n<div class=\"wp-block-group has-global-padding is-content-justification-left is-layout-constrained wp-container-core-group-is-layout-177c594d wp-block-group-is-layout-constrained\"><figure style=\"aspect-ratio:4\/3;\" class=\"wp-block-post-featured-image\"><img loading=\"lazy\" decoding=\"async\" width=\"2560\" height=\"1707\" src=\"https:\/\/www.granadablogs.com\/juezcalatayud\/wp-content\/uploads\/2026\/01\/Emilio-dos-scaled.jpg\" class=\"attachment-post-thumbnail size-post-thumbnail wp-post-image\" alt=\"\" style=\"border-radius:10px;width:100%;height:100%;object-fit:cover;\" srcset=\"https:\/\/www.granadablogs.com\/juezcalatayud\/wp-content\/uploads\/2026\/01\/Emilio-dos-scaled.jpg 2560w, https:\/\/www.granadablogs.com\/juezcalatayud\/wp-content\/uploads\/2026\/01\/Emilio-dos-300x200.jpg 300w, https:\/\/www.granadablogs.com\/juezcalatayud\/wp-content\/uploads\/2026\/01\/Emilio-dos-644x429.jpg 644w, https:\/\/www.granadablogs.com\/juezcalatayud\/wp-content\/uploads\/2026\/01\/Emilio-dos-768x512.jpg 768w, https:\/\/www.granadablogs.com\/juezcalatayud\/wp-content\/uploads\/2026\/01\/Emilio-dos-1536x1024.jpg 1536w, https:\/\/www.granadablogs.com\/juezcalatayud\/wp-content\/uploads\/2026\/01\/Emilio-dos-2048x1365.jpg 2048w\" sizes=\"auto, (max-width: 2560px) 100vw, 2560px\" \/><\/figure>\n\n\n<div class=\"wp-block-group is-vertical is-layout-flex wp-container-core-group-is-layout-cedeea28 wp-block-group-is-layout-flex\" style=\"padding-bottom:var(--wp--preset--spacing--80)\">\n<div class=\"wp-block-group is-layout-flex wp-block-group-is-layout-flex\" style=\"margin-top:0;margin-bottom:0\"><div style=\"margin-top:0;margin-bottom:0;\" class=\"wp-block-post-date\"><time datetime=\"2026-04-29T19:58:30+02:00\">29 abril, 2026<\/time><\/div>\n\n<div style=\"text-transform:uppercase; margin-top:0;margin-bottom:0;\" class=\"wp-block-post-author-name\">Emilio Calatayud<\/div><\/div>\n\n\n\n<div class=\"wp-block-group is-layout-flow wp-block-group-is-layout-flow\" style=\"margin-top:0;margin-bottom:0\"><h2 style=\"font-size:clamp(1.648rem, 1.648rem + ((1vw - 0.2rem) * 1.92), 2.8rem);font-style:normal;font-weight:600;line-height:1.1;\" class=\"has-link-color wp-elements-1fb927c91f5bb50fffbe2ad89bcca412 wp-block-post-title has-text-color has-contrast-color\"><a href=\"https:\/\/www.granadablogs.com\/juezcalatayud\/2026\/04\/le-dices-a-un-chaval-la-cagaste-burt-lancaster-y-se-rie-de-ti-por-viejuno-pues-yo-me-rio-de-los-que-usan-bro-y-en-plan-para-to\/\" target=\"_self\" >Le dices a un chaval &#8216;la cagaste, Burt Lancaster&#8217; y se r\u00ede de ti por viejuno, pues yo me r\u00edo de los que usan &#8216;bro&#8217; y &#8216;en plan&#8217; para &#8216;to&#8217;<\/a><\/h2>\n\n<div style=\"line-height:1.7;\" class=\"wp-block-post-excerpt has-medium-font-size\"><p class=\"wp-block-post-excerpt__excerpt\">Buenas, soy Emilio Calatayud. \u00a1Abuelos y boomers (yo soy las dos cosas), ha llegado el momento de rebelarse! Ya sabemos que tenemos la culpa de todo (el precio de los alquileres, etc), pero eso no quiere decir que no tengamos nuestro corazoncito. A lo que voy, le dices a un chaval &#8216;la cagaste, Burt Lancaster&#8217; [&hellip;] <\/p><\/div><\/div>\n<\/div>\n<\/div>\n\n<\/li><li class=\"wp-block-post post-22327 post type-post status-publish format-standard has-post-thumbnail hentry tag-blog tag-de-futbol tag-partido\">\n\n<div class=\"wp-block-group has-global-padding is-content-justification-left is-layout-constrained wp-container-core-group-is-layout-177c594d wp-block-group-is-layout-constrained\"><figure style=\"aspect-ratio:4\/3;\" class=\"wp-block-post-featured-image\"><img loading=\"lazy\" decoding=\"async\" width=\"644\" height=\"429\" src=\"https:\/\/www.granadablogs.com\/juezcalatayud\/wp-content\/uploads\/2020\/11\/Emilio-644x429.jpg\" class=\"attachment-post-thumbnail size-post-thumbnail wp-post-image\" alt=\"\" style=\"border-radius:10px;width:100%;height:100%;object-fit:cover;\" srcset=\"https:\/\/www.granadablogs.com\/juezcalatayud\/wp-content\/uploads\/2020\/11\/Emilio-644x429.jpg 644w, https:\/\/www.granadablogs.com\/juezcalatayud\/wp-content\/uploads\/2020\/11\/Emilio-300x200.jpg 300w, https:\/\/www.granadablogs.com\/juezcalatayud\/wp-content\/uploads\/2020\/11\/Emilio-768x512.jpg 768w\" sizes=\"auto, (max-width: 644px) 100vw, 644px\" \/><\/figure>\n\n\n<div class=\"wp-block-group is-vertical is-layout-flex wp-container-core-group-is-layout-cedeea28 wp-block-group-is-layout-flex\" style=\"padding-bottom:var(--wp--preset--spacing--80)\">\n<div class=\"wp-block-group is-layout-flex wp-block-group-is-layout-flex\" style=\"margin-top:0;margin-bottom:0\"><div style=\"margin-top:0;margin-bottom:0;\" class=\"wp-block-post-date\"><time datetime=\"2026-04-28T20:10:03+02:00\">28 abril, 2026<\/time><\/div>\n\n<div style=\"text-transform:uppercase; margin-top:0;margin-bottom:0;\" class=\"wp-block-post-author-name\">Emilio Calatayud<\/div><\/div>\n\n\n\n<div class=\"wp-block-group is-layout-flow wp-block-group-is-layout-flow\" style=\"margin-top:0;margin-bottom:0\"><h2 style=\"font-size:clamp(1.648rem, 1.648rem + ((1vw - 0.2rem) * 1.92), 2.8rem);font-style:normal;font-weight:600;line-height:1.1;\" class=\"has-link-color wp-elements-1fb927c91f5bb50fffbe2ad89bcca412 wp-block-post-title has-text-color has-contrast-color\"><a href=\"https:\/\/www.granadablogs.com\/juezcalatayud\/2026\/04\/don-emilio-a-mis-93-anos-he-visto-por-primera-vez-un-partido-de-futbol-y-me-he-reido-mucho-los-jugadores-se-caen-como-yo-ole-por-usted\/\" target=\"_self\" >\u00abDon Emilio, a mis 93 a\u00f1os he visto por primera vez un partido de f\u00fatbol y me he re\u00eddo mucho, los jugadores se caen como yo\u00bb Ol\u00e9 por usted<\/a><\/h2>\n\n<div style=\"line-height:1.7;\" class=\"wp-block-post-excerpt has-medium-font-size\"><p class=\"wp-block-post-excerpt__excerpt\">Buenas, soy Emilio Calatayud. Una dama que va para los cien me ha alegrado el d\u00eda con su salero y buen humor. Resulta que la mujer nunca hab\u00eda tenido la inquietud de ver un partido de f\u00fatbol y el otro d\u00eda se anim\u00f3 porque toda su familia estaba reunida alrededor de la tele para ver [&hellip;] <\/p><\/div><\/div>\n<\/div>\n<\/div>\n\n<\/li><li class=\"wp-block-post post-22323 post type-post status-publish format-standard has-post-thumbnail hentry tag-blog tag-cataluna tag-institutos tag-mossos\">\n\n<div class=\"wp-block-group has-global-padding is-content-justification-left is-layout-constrained wp-container-core-group-is-layout-177c594d wp-block-group-is-layout-constrained\"><figure style=\"aspect-ratio:4\/3;\" class=\"wp-block-post-featured-image\"><img loading=\"lazy\" decoding=\"async\" width=\"644\" height=\"429\" src=\"https:\/\/www.granadablogs.com\/juezcalatayud\/wp-content\/uploads\/2023\/07\/Juez-calatayud-Alfredo-Aguilar-644x429.jpg\" class=\"attachment-post-thumbnail size-post-thumbnail wp-post-image\" alt=\"\" style=\"border-radius:10px;width:100%;height:100%;object-fit:cover;\" srcset=\"https:\/\/www.granadablogs.com\/juezcalatayud\/wp-content\/uploads\/2023\/07\/Juez-calatayud-Alfredo-Aguilar-644x429.jpg 644w, https:\/\/www.granadablogs.com\/juezcalatayud\/wp-content\/uploads\/2023\/07\/Juez-calatayud-Alfredo-Aguilar-300x200.jpg 300w, https:\/\/www.granadablogs.com\/juezcalatayud\/wp-content\/uploads\/2023\/07\/Juez-calatayud-Alfredo-Aguilar-768x512.jpg 768w, https:\/\/www.granadablogs.com\/juezcalatayud\/wp-content\/uploads\/2023\/07\/Juez-calatayud-Alfredo-Aguilar.jpg 1374w\" sizes=\"auto, (max-width: 644px) 100vw, 644px\" \/><\/figure>\n\n\n<div class=\"wp-block-group is-vertical is-layout-flex wp-container-core-group-is-layout-cedeea28 wp-block-group-is-layout-flex\" style=\"padding-bottom:var(--wp--preset--spacing--80)\">\n<div class=\"wp-block-group is-layout-flex wp-block-group-is-layout-flex\" style=\"margin-top:0;margin-bottom:0\"><div style=\"margin-top:0;margin-bottom:0;\" class=\"wp-block-post-date\"><time datetime=\"2026-04-27T20:09:28+02:00\">27 abril, 2026<\/time><\/div>\n\n<div style=\"text-transform:uppercase; margin-top:0;margin-bottom:0;\" class=\"wp-block-post-author-name\">Emilio Calatayud<\/div><\/div>\n\n\n\n<div class=\"wp-block-group is-layout-flow wp-block-group-is-layout-flow\" style=\"margin-top:0;margin-bottom:0\"><h2 style=\"font-size:clamp(1.648rem, 1.648rem + ((1vw - 0.2rem) * 1.92), 2.8rem);font-style:normal;font-weight:600;line-height:1.1;\" class=\"has-link-color wp-elements-1fb927c91f5bb50fffbe2ad89bcca412 wp-block-post-title has-text-color has-contrast-color\"><a href=\"https:\/\/www.granadablogs.com\/juezcalatayud\/2026\/04\/en-cataluna-van-a-poner-mossos-en-los-institutos-si-no-se-respeta-la-autoridad-de-los-profesores-no-se-yo-si-se-va-a-respetar-la-de-los-policias-veremos\/\" target=\"_self\" >En Catalu\u00f1a van a poner &#8216;mossos&#8217; en los institutos, si no se respeta la autoridad de los profesores no s\u00e9 yo si se va a respetar la de los polic\u00edas&#8230;,veremos<\/a><\/h2>\n\n<div style=\"line-height:1.7;\" class=\"wp-block-post-excerpt has-medium-font-size\"><p class=\"wp-block-post-excerpt__excerpt\">Buenas, soy Emilio Calatayud. Catalu\u00f1a va a poner en marcha un programa piloto que va a consistir en introducir a &#8216;mossos&#8217; de paisano en institutos conflictivos para intentar mejorar la convivencia en esos centros. La iniciativa ha generado una importante pol\u00e9mica. Hay quien se ha manifestado bajo el lema &#8216;Menos polic\u00edas y m\u00e1s recursos para [&hellip;] <\/p><\/div><\/div>\n<\/div>\n<\/div>\n\n<\/li><li class=\"wp-block-post post-22319 post type-post status-publish format-standard has-post-thumbnail hentry tag-blog tag-los-ninos tag-no tag-son-tontos\">\n\n<div class=\"wp-block-group has-global-padding is-content-justification-left is-layout-constrained wp-container-core-group-is-layout-177c594d wp-block-group-is-layout-constrained\"><figure style=\"aspect-ratio:4\/3;\" class=\"wp-block-post-featured-image\"><img loading=\"lazy\" decoding=\"async\" width=\"644\" height=\"429\" src=\"https:\/\/www.granadablogs.com\/juezcalatayud\/wp-content\/uploads\/2024\/05\/Emil-1-1-644x429.jpg\" class=\"attachment-post-thumbnail size-post-thumbnail wp-post-image\" alt=\"\" style=\"border-radius:10px;width:100%;height:100%;object-fit:cover;\" srcset=\"https:\/\/www.granadablogs.com\/juezcalatayud\/wp-content\/uploads\/2024\/05\/Emil-1-1-644x429.jpg 644w, https:\/\/www.granadablogs.com\/juezcalatayud\/wp-content\/uploads\/2024\/05\/Emil-1-1-300x200.jpg 300w, https:\/\/www.granadablogs.com\/juezcalatayud\/wp-content\/uploads\/2024\/05\/Emil-1-1-768x512.jpg 768w, https:\/\/www.granadablogs.com\/juezcalatayud\/wp-content\/uploads\/2024\/05\/Emil-1-1-1536x1024.jpg 1536w, https:\/\/www.granadablogs.com\/juezcalatayud\/wp-content\/uploads\/2024\/05\/Emil-1-1-2048x1365.jpg 2048w\" sizes=\"auto, (max-width: 644px) 100vw, 644px\" \/><\/figure>\n\n\n<div class=\"wp-block-group is-vertical is-layout-flex wp-container-core-group-is-layout-cedeea28 wp-block-group-is-layout-flex\" style=\"padding-bottom:var(--wp--preset--spacing--80)\">\n<div class=\"wp-block-group is-layout-flex wp-block-group-is-layout-flex\" style=\"margin-top:0;margin-bottom:0\"><div style=\"margin-top:0;margin-bottom:0;\" class=\"wp-block-post-date\"><time datetime=\"2026-04-26T20:09:44+02:00\">26 abril, 2026<\/time><\/div>\n\n<div style=\"text-transform:uppercase; margin-top:0;margin-bottom:0;\" class=\"wp-block-post-author-name\">Emilio Calatayud<\/div><\/div>\n\n\n\n<div class=\"wp-block-group is-layout-flow wp-block-group-is-layout-flow\" style=\"margin-top:0;margin-bottom:0\"><h2 style=\"font-size:clamp(1.648rem, 1.648rem + ((1vw - 0.2rem) * 1.92), 2.8rem);font-style:normal;font-weight:600;line-height:1.1;\" class=\"has-link-color wp-elements-1fb927c91f5bb50fffbe2ad89bcca412 wp-block-post-title has-text-color has-contrast-color\"><a href=\"https:\/\/www.granadablogs.com\/juezcalatayud\/2026\/04\/mi-hija-solo-se-acuerda-de-lo-que-le-interesa-normal-los-ninos-son-ninos-pero-no-son-tontos\/\" target=\"_self\" >\u00abMi hija solo se acuerda de lo que le interesa\u00bb Normal, los ni\u00f1os son ni\u00f1os, pero no son tontos<\/a><\/h2>\n\n<div style=\"line-height:1.7;\" class=\"wp-block-post-excerpt has-medium-font-size\"><p class=\"wp-block-post-excerpt__excerpt\">Buenas, soy Emilio Calatayud. No nos creamos m\u00e1s listos que nuestros hijos. Se las saben todas. Esto viene a cuento de lo que me ha dicho una madre (en realidad, lo dicen todas la madres y todos los padres): \u00abMi hija solo se acuerda de lo que le interesa\u00bb. Cierto. Si no les ha dado [&hellip;] <\/p><\/div><\/div>\n<\/div>\n<\/div>\n\n<\/li><li class=\"wp-block-post post-22317 post type-post status-publish format-standard has-post-thumbnail hentry tag-blog tag-infantil tag-maltrato\">\n\n<div class=\"wp-block-group has-global-padding is-content-justification-left is-layout-constrained wp-container-core-group-is-layout-177c594d wp-block-group-is-layout-constrained\"><figure style=\"aspect-ratio:4\/3;\" class=\"wp-block-post-featured-image\"><img loading=\"lazy\" decoding=\"async\" width=\"1600\" height=\"1066\" src=\"https:\/\/www.granadablogs.com\/juezcalatayud\/wp-content\/uploads\/2025\/12\/EMI.jpg\" class=\"attachment-post-thumbnail size-post-thumbnail wp-post-image\" alt=\"\" style=\"border-radius:10px;width:100%;height:100%;object-fit:cover;\" srcset=\"https:\/\/www.granadablogs.com\/juezcalatayud\/wp-content\/uploads\/2025\/12\/EMI.jpg 1600w, https:\/\/www.granadablogs.com\/juezcalatayud\/wp-content\/uploads\/2025\/12\/EMI-300x200.jpg 300w, https:\/\/www.granadablogs.com\/juezcalatayud\/wp-content\/uploads\/2025\/12\/EMI-644x429.jpg 644w, https:\/\/www.granadablogs.com\/juezcalatayud\/wp-content\/uploads\/2025\/12\/EMI-768x512.jpg 768w, https:\/\/www.granadablogs.com\/juezcalatayud\/wp-content\/uploads\/2025\/12\/EMI-1536x1023.jpg 1536w\" sizes=\"auto, (max-width: 1600px) 100vw, 1600px\" \/><\/figure>\n\n\n<div class=\"wp-block-group is-vertical is-layout-flex wp-container-core-group-is-layout-cedeea28 wp-block-group-is-layout-flex\" style=\"padding-bottom:var(--wp--preset--spacing--80)\">\n<div class=\"wp-block-group is-layout-flex wp-block-group-is-layout-flex\" style=\"margin-top:0;margin-bottom:0\"><div style=\"margin-top:0;margin-bottom:0;\" class=\"wp-block-post-date\"><time datetime=\"2026-04-25T16:10:27+02:00\">25 abril, 2026<\/time><\/div>\n\n<div style=\"text-transform:uppercase; margin-top:0;margin-bottom:0;\" class=\"wp-block-post-author-name\">Emilio Calatayud<\/div><\/div>\n\n\n\n<div class=\"wp-block-group is-layout-flow wp-block-group-is-layout-flow\" style=\"margin-top:0;margin-bottom:0\"><h2 style=\"font-size:clamp(1.648rem, 1.648rem + ((1vw - 0.2rem) * 1.92), 2.8rem);font-style:normal;font-weight:600;line-height:1.1;\" class=\"has-link-color wp-elements-1fb927c91f5bb50fffbe2ad89bcca412 wp-block-post-title has-text-color has-contrast-color\"><a href=\"https:\/\/www.granadablogs.com\/juezcalatayud\/2026\/04\/dar-todo-a-un-hijo-es-maltratarlo-y-no-darle-nada-tambien-os-lo-recuerdo-en-el-dia-contra-el-maltrato-infantil\/\" target=\"_self\" >Dar todo a un hijo es maltratarlo y no darle nada, tambi\u00e9n; os lo recuerdo en el D\u00eda contra el Maltrato Infantil<\/a><\/h2>\n\n<div style=\"line-height:1.7;\" class=\"wp-block-post-excerpt has-medium-font-size\"><p class=\"wp-block-post-excerpt__excerpt\">Buenas, hoy es el D\u00eda Internacional Contra el Maltrato Infantil, as\u00ed que aprovecho para recordaros lo que digo siempre: dar todo a un hijo es maltratarlo (por ejemplo, dejarle un m\u00f3vil para no tener que hacerle caso), pero no darle nada, tambi\u00e9n es maltrato. T\u00e9rmino medio y sentido com\u00fan. Y ante la m\u00ednima sospecha de [&hellip;] <\/p><\/div><\/div>\n<\/div>\n<\/div>\n\n<\/li><li class=\"wp-block-post post-22315 post type-post status-publish format-standard has-post-thumbnail hentry tag-blog tag-pensar tag-pereza\">\n\n<div class=\"wp-block-group has-global-padding is-content-justification-left is-layout-constrained wp-container-core-group-is-layout-177c594d wp-block-group-is-layout-constrained\"><figure style=\"aspect-ratio:4\/3;\" class=\"wp-block-post-featured-image\"><img loading=\"lazy\" decoding=\"async\" width=\"2040\" height=\"1530\" src=\"https:\/\/www.granadablogs.com\/juezcalatayud\/wp-content\/uploads\/2026\/03\/Torrija.jpg\" class=\"attachment-post-thumbnail size-post-thumbnail wp-post-image\" alt=\"\" style=\"border-radius:10px;width:100%;height:100%;object-fit:cover;\" srcset=\"https:\/\/www.granadablogs.com\/juezcalatayud\/wp-content\/uploads\/2026\/03\/Torrija.jpg 2040w, https:\/\/www.granadablogs.com\/juezcalatayud\/wp-content\/uploads\/2026\/03\/Torrija-300x225.jpg 300w, https:\/\/www.granadablogs.com\/juezcalatayud\/wp-content\/uploads\/2026\/03\/Torrija-644x483.jpg 644w, https:\/\/www.granadablogs.com\/juezcalatayud\/wp-content\/uploads\/2026\/03\/Torrija-768x576.jpg 768w, https:\/\/www.granadablogs.com\/juezcalatayud\/wp-content\/uploads\/2026\/03\/Torrija-1536x1152.jpg 1536w\" sizes=\"auto, (max-width: 2040px) 100vw, 2040px\" \/><\/figure>\n\n\n<div class=\"wp-block-group is-vertical is-layout-flex wp-container-core-group-is-layout-cedeea28 wp-block-group-is-layout-flex\" style=\"padding-bottom:var(--wp--preset--spacing--80)\">\n<div class=\"wp-block-group is-layout-flex wp-block-group-is-layout-flex\" style=\"margin-top:0;margin-bottom:0\"><div style=\"margin-top:0;margin-bottom:0;\" class=\"wp-block-post-date\"><time datetime=\"2026-04-24T20:02:12+02:00\">24 abril, 2026<\/time><\/div>\n\n<div style=\"text-transform:uppercase; margin-top:0;margin-bottom:0;\" class=\"wp-block-post-author-name\">Emilio Calatayud<\/div><\/div>\n\n\n\n<div class=\"wp-block-group is-layout-flow wp-block-group-is-layout-flow\" style=\"margin-top:0;margin-bottom:0\"><h2 style=\"font-size:clamp(1.648rem, 1.648rem + ((1vw - 0.2rem) * 1.92), 2.8rem);font-style:normal;font-weight:600;line-height:1.1;\" class=\"has-link-color wp-elements-1fb927c91f5bb50fffbe2ad89bcca412 wp-block-post-title has-text-color has-contrast-color\"><a href=\"https:\/\/www.granadablogs.com\/juezcalatayud\/2026\/04\/me-da-pereza-hasta-pensar-pero-eso-ya-me-pasaba-cuando-tenia-menos-anos-y-menos-achaques-ja-ja-ja\/\" target=\"_self\" >Me da pereza hasta pensar, pero eso ya me pasaba cuando ten\u00eda menos a\u00f1os y menos achaques, ja, ja, ja,<\/a><\/h2>\n\n<div style=\"line-height:1.7;\" class=\"wp-block-post-excerpt has-medium-font-size\"><p class=\"wp-block-post-excerpt__excerpt\">Buenas, soy Emilio Calatayud. Ayer os coment\u00e9 que esta hecho &#8216;peasos&#8217; y me quej\u00e9 de los achaques y la edad. Hoy llueve en Gran\u00e1 y ha bajado la temperatura, as\u00ed que ahora tengo fr\u00edo, ja, ja, ja. Me da pereza hasta pensar, pero tambi\u00e9n es verdad que eso ya me ocurr\u00eda cuando ten\u00eda menos a\u00f1os [&hellip;] <\/p><\/div><\/div>\n<\/div>\n<\/div>\n\n<\/li><li class=\"wp-block-post post-22311 post type-post status-publish format-standard has-post-thumbnail hentry tag-blog tag-dependiente\">\n\n<div class=\"wp-block-group has-global-padding is-content-justification-left is-layout-constrained wp-container-core-group-is-layout-177c594d wp-block-group-is-layout-constrained\"><figure style=\"aspect-ratio:4\/3;\" class=\"wp-block-post-featured-image\"><img loading=\"lazy\" decoding=\"async\" width=\"644\" height=\"429\" src=\"https:\/\/www.granadablogs.com\/juezcalatayud\/wp-content\/uploads\/2024\/01\/Emilio-644x429.jpg\" class=\"attachment-post-thumbnail size-post-thumbnail wp-post-image\" alt=\"\" style=\"border-radius:10px;width:100%;height:100%;object-fit:cover;\" srcset=\"https:\/\/www.granadablogs.com\/juezcalatayud\/wp-content\/uploads\/2024\/01\/Emilio-644x429.jpg 644w, https:\/\/www.granadablogs.com\/juezcalatayud\/wp-content\/uploads\/2024\/01\/Emilio-300x200.jpg 300w, https:\/\/www.granadablogs.com\/juezcalatayud\/wp-content\/uploads\/2024\/01\/Emilio-768x512.jpg 768w, https:\/\/www.granadablogs.com\/juezcalatayud\/wp-content\/uploads\/2024\/01\/Emilio-1536x1024.jpg 1536w, https:\/\/www.granadablogs.com\/juezcalatayud\/wp-content\/uploads\/2024\/01\/Emilio-2048x1365.jpg 2048w\" sizes=\"auto, (max-width: 644px) 100vw, 644px\" \/><\/figure>\n\n\n<div class=\"wp-block-group is-vertical is-layout-flex wp-container-core-group-is-layout-cedeea28 wp-block-group-is-layout-flex\" style=\"padding-bottom:var(--wp--preset--spacing--80)\">\n<div class=\"wp-block-group is-layout-flex wp-block-group-is-layout-flex\" style=\"margin-top:0;margin-bottom:0\"><div style=\"margin-top:0;margin-bottom:0;\" class=\"wp-block-post-date\"><time datetime=\"2026-04-23T20:14:44+02:00\">23 abril, 2026<\/time><\/div>\n\n<div style=\"text-transform:uppercase; margin-top:0;margin-bottom:0;\" class=\"wp-block-post-author-name\">Emilio Calatayud<\/div><\/div>\n\n\n\n<div class=\"wp-block-group is-layout-flow wp-block-group-is-layout-flow\" style=\"margin-top:0;margin-bottom:0\"><h2 style=\"font-size:clamp(1.648rem, 1.648rem + ((1vw - 0.2rem) * 1.92), 2.8rem);font-style:normal;font-weight:600;line-height:1.1;\" class=\"has-link-color wp-elements-1fb927c91f5bb50fffbe2ad89bcca412 wp-block-post-title has-text-color has-contrast-color\"><a href=\"https:\/\/www.granadablogs.com\/juezcalatayud\/2026\/04\/por-la-edad-y-los-achaques-tengo-que-acostumbrarme-a-ser-un-poco-dependiente-pero-me-fastidia\/\" target=\"_self\" >Por la edad y los achaques, tengo que acostumbrarme a ser un poco dependiente, pero me fastidia<\/a><\/h2>\n\n<div style=\"line-height:1.7;\" class=\"wp-block-post-excerpt has-medium-font-size\"><p class=\"wp-block-post-excerpt__excerpt\">Buenas, soy Emilio Calatayud. Estoy acalambrado en mi casa. Fui ayer a caminar y hoy me duelen tanto los pies que estoy tirado en el sof\u00e1 viendo la tele. Ya he visto &#8216;La Promesa&#8217;, por cierto. No puedo ni con mi alma. Es la consecuencia de la edad sumada a los achaques y las goteras. [&hellip;] <\/p><\/div><\/div>\n<\/div>\n<\/div>\n\n<\/li><li class=\"wp-block-post post-22306 post type-post status-publish format-standard has-post-thumbnail hentry tag-a-leer tag-aprender tag-blog\">\n\n<div class=\"wp-block-group has-global-padding is-content-justification-left is-layout-constrained wp-container-core-group-is-layout-177c594d wp-block-group-is-layout-constrained\"><figure style=\"aspect-ratio:4\/3;\" class=\"wp-block-post-featured-image\"><img loading=\"lazy\" decoding=\"async\" width=\"2560\" height=\"1707\" src=\"https:\/\/www.granadablogs.com\/juezcalatayud\/wp-content\/uploads\/2026\/01\/Emilio-dos-scaled.jpg\" class=\"attachment-post-thumbnail size-post-thumbnail wp-post-image\" alt=\"\" style=\"border-radius:10px;width:100%;height:100%;object-fit:cover;\" srcset=\"https:\/\/www.granadablogs.com\/juezcalatayud\/wp-content\/uploads\/2026\/01\/Emilio-dos-scaled.jpg 2560w, https:\/\/www.granadablogs.com\/juezcalatayud\/wp-content\/uploads\/2026\/01\/Emilio-dos-300x200.jpg 300w, https:\/\/www.granadablogs.com\/juezcalatayud\/wp-content\/uploads\/2026\/01\/Emilio-dos-644x429.jpg 644w, https:\/\/www.granadablogs.com\/juezcalatayud\/wp-content\/uploads\/2026\/01\/Emilio-dos-768x512.jpg 768w, https:\/\/www.granadablogs.com\/juezcalatayud\/wp-content\/uploads\/2026\/01\/Emilio-dos-1536x1024.jpg 1536w, https:\/\/www.granadablogs.com\/juezcalatayud\/wp-content\/uploads\/2026\/01\/Emilio-dos-2048x1365.jpg 2048w\" sizes=\"auto, (max-width: 2560px) 100vw, 2560px\" \/><\/figure>\n\n\n<div class=\"wp-block-group is-vertical is-layout-flex wp-container-core-group-is-layout-cedeea28 wp-block-group-is-layout-flex\" style=\"padding-bottom:var(--wp--preset--spacing--80)\">\n<div class=\"wp-block-group is-layout-flex wp-block-group-is-layout-flex\" style=\"margin-top:0;margin-bottom:0\"><div style=\"margin-top:0;margin-bottom:0;\" class=\"wp-block-post-date\"><time datetime=\"2026-04-22T20:11:41+02:00\">22 abril, 2026<\/time><\/div>\n\n<div style=\"text-transform:uppercase; margin-top:0;margin-bottom:0;\" class=\"wp-block-post-author-name\">Emilio Calatayud<\/div><\/div>\n\n\n\n<div class=\"wp-block-group is-layout-flow wp-block-group-is-layout-flow\" style=\"margin-top:0;margin-bottom:0\"><h2 style=\"font-size:clamp(1.648rem, 1.648rem + ((1vw - 0.2rem) * 1.92), 2.8rem);font-style:normal;font-weight:600;line-height:1.1;\" class=\"has-link-color wp-elements-1fb927c91f5bb50fffbe2ad89bcca412 wp-block-post-title has-text-color has-contrast-color\"><a href=\"https:\/\/www.granadablogs.com\/juezcalatayud\/2026\/04\/hubo-choricillos-a-los-que-condene-a-leer-y-escribir-que-volvieron-a-delinquir-pero-al-menos-sabian-leer\/\" target=\"_self\" >Hubo choricillos a los que conden\u00e9 a leer y escribir que volvieron a delinquir, pero al menos sab\u00edan leer<\/a><\/h2>\n\n<div style=\"line-height:1.7;\" class=\"wp-block-post-excerpt has-medium-font-size\"><p class=\"wp-block-post-excerpt__excerpt\">Buenas, soy Emilio Calatayud. Me lo hab\u00e9is preguntado algunos de vosotros y respondo porque es una cuesti\u00f3n interesante. S\u00ed, hubo choricillos a los que conden\u00e9 a leer y escribir que luego volvieron a delinquir. Incluso siendo ya adultos. Fueron pocos pero es la demostraci\u00f3n de que no existen las varitas m\u00e1gicas. No somos perfectos porque [&hellip;] <\/p><\/div><\/div>\n<\/div>\n<\/div>\n\n<\/li><li class=\"wp-block-post post-22304 post type-post status-publish format-standard has-post-thumbnail hentry tag-a-leer tag-aprender tag-blog\">\n\n<div class=\"wp-block-group has-global-padding is-content-justification-left is-layout-constrained wp-container-core-group-is-layout-177c594d wp-block-group-is-layout-constrained\"><figure style=\"aspect-ratio:4\/3;\" class=\"wp-block-post-featured-image\"><img loading=\"lazy\" decoding=\"async\" width=\"1920\" height=\"1280\" src=\"https:\/\/www.granadablogs.com\/juezcalatayud\/wp-content\/uploads\/2025\/07\/emil-cuatro.jpg\" class=\"attachment-post-thumbnail size-post-thumbnail wp-post-image\" alt=\"\" style=\"border-radius:10px;width:100%;height:100%;object-fit:cover;\" srcset=\"https:\/\/www.granadablogs.com\/juezcalatayud\/wp-content\/uploads\/2025\/07\/emil-cuatro.jpg 1920w, https:\/\/www.granadablogs.com\/juezcalatayud\/wp-content\/uploads\/2025\/07\/emil-cuatro-300x200.jpg 300w, https:\/\/www.granadablogs.com\/juezcalatayud\/wp-content\/uploads\/2025\/07\/emil-cuatro-644x429.jpg 644w, https:\/\/www.granadablogs.com\/juezcalatayud\/wp-content\/uploads\/2025\/07\/emil-cuatro-768x512.jpg 768w, https:\/\/www.granadablogs.com\/juezcalatayud\/wp-content\/uploads\/2025\/07\/emil-cuatro-1536x1024.jpg 1536w\" sizes=\"auto, (max-width: 1920px) 100vw, 1920px\" \/><\/figure>\n\n\n<div class=\"wp-block-group is-vertical is-layout-flex wp-container-core-group-is-layout-cedeea28 wp-block-group-is-layout-flex\" style=\"padding-bottom:var(--wp--preset--spacing--80)\">\n<div class=\"wp-block-group is-layout-flex wp-block-group-is-layout-flex\" style=\"margin-top:0;margin-bottom:0\"><div style=\"margin-top:0;margin-bottom:0;\" class=\"wp-block-post-date\"><time datetime=\"2026-04-21T20:07:01+02:00\">21 abril, 2026<\/time><\/div>\n\n<div style=\"text-transform:uppercase; margin-top:0;margin-bottom:0;\" class=\"wp-block-post-author-name\">Emilio Calatayud<\/div><\/div>\n\n\n\n<div class=\"wp-block-group is-layout-flow wp-block-group-is-layout-flow\" style=\"margin-top:0;margin-bottom:0\"><h2 style=\"font-size:clamp(1.648rem, 1.648rem + ((1vw - 0.2rem) * 1.92), 2.8rem);font-style:normal;font-weight:600;line-height:1.1;\" class=\"has-link-color wp-elements-1fb927c91f5bb50fffbe2ad89bcca412 wp-block-post-title has-text-color has-contrast-color\"><a href=\"https:\/\/www.granadablogs.com\/juezcalatayud\/2026\/04\/el-dia-que-un-nino-al-que-habiamos-condenado-a-leer-nos-leyo-unos-renglones-todos-lloramos-en-el-juzgado-fue-como-para-un-astronauta-pisar-la-luna\/\" target=\"_self\" >El d\u00eda que un ni\u00f1o al que hab\u00edamos condenado a leer nos ley\u00f3 unos renglones todos lloramos en el juzgado, fue como para un astronauta pisar la Luna<\/a><\/h2>\n\n<div style=\"line-height:1.7;\" class=\"wp-block-post-excerpt has-medium-font-size\"><p class=\"wp-block-post-excerpt__excerpt\">Buenas, soy Emilio Calatayud. El ni\u00f1o apenas pudo leer un par de renglones y se atrancaba en cada palabra. Pero la emoci\u00f3n que sentimos todos en el Juzgado no la cambio por nada. Era la primera vez que conden\u00e1bamos a un menor a leer y es escribir y el chaval cumpli\u00f3. Le cost\u00f3, pero cumpli\u00f3. [&hellip;] <\/p><\/div><\/div>\n<\/div>\n<\/div>\n\n<\/li><li class=\"wp-block-post post-22300 post type-post status-publish format-standard has-post-thumbnail hentry tag-blog tag-hijos tag-padres tag-redes\">\n\n<div class=\"wp-block-group has-global-padding is-content-justification-left is-layout-constrained wp-container-core-group-is-layout-177c594d wp-block-group-is-layout-constrained\"><figure style=\"aspect-ratio:4\/3;\" class=\"wp-block-post-featured-image\"><img loading=\"lazy\" decoding=\"async\" width=\"2040\" height=\"1530\" src=\"https:\/\/www.granadablogs.com\/juezcalatayud\/wp-content\/uploads\/2026\/03\/Torrija.jpg\" class=\"attachment-post-thumbnail size-post-thumbnail wp-post-image\" alt=\"\" style=\"border-radius:10px;width:100%;height:100%;object-fit:cover;\" srcset=\"https:\/\/www.granadablogs.com\/juezcalatayud\/wp-content\/uploads\/2026\/03\/Torrija.jpg 2040w, https:\/\/www.granadablogs.com\/juezcalatayud\/wp-content\/uploads\/2026\/03\/Torrija-300x225.jpg 300w, https:\/\/www.granadablogs.com\/juezcalatayud\/wp-content\/uploads\/2026\/03\/Torrija-644x483.jpg 644w, https:\/\/www.granadablogs.com\/juezcalatayud\/wp-content\/uploads\/2026\/03\/Torrija-768x576.jpg 768w, https:\/\/www.granadablogs.com\/juezcalatayud\/wp-content\/uploads\/2026\/03\/Torrija-1536x1152.jpg 1536w\" sizes=\"auto, (max-width: 2040px) 100vw, 2040px\" \/><\/figure>\n\n\n<div class=\"wp-block-group is-vertical is-layout-flex wp-container-core-group-is-layout-cedeea28 wp-block-group-is-layout-flex\" style=\"padding-bottom:var(--wp--preset--spacing--80)\">\n<div class=\"wp-block-group is-layout-flex wp-block-group-is-layout-flex\" style=\"margin-top:0;margin-bottom:0\"><div style=\"margin-top:0;margin-bottom:0;\" class=\"wp-block-post-date\"><time datetime=\"2026-04-20T20:23:24+02:00\">20 abril, 2026<\/time><\/div>\n\n<div style=\"text-transform:uppercase; margin-top:0;margin-bottom:0;\" class=\"wp-block-post-author-name\">Emilio Calatayud<\/div><\/div>\n\n\n\n<div class=\"wp-block-group is-layout-flow wp-block-group-is-layout-flow\" style=\"margin-top:0;margin-bottom:0\"><h2 style=\"font-size:clamp(1.648rem, 1.648rem + ((1vw - 0.2rem) * 1.92), 2.8rem);font-style:normal;font-weight:600;line-height:1.1;\" class=\"has-link-color wp-elements-1fb927c91f5bb50fffbe2ad89bcca412 wp-block-post-title has-text-color has-contrast-color\"><a href=\"https:\/\/www.granadablogs.com\/juezcalatayud\/2026\/04\/don-emilio-mi-hija-tiene-22-anos-y-no-me-ha-dado-la-razon-nunca-pero-si-lee-en-la-redes-lo-mismo-que-le-he-dicho-yo-si-hace-caso\/\" target=\"_self\" >\u00abDon Emilio, mi hija tiene 22 a\u00f1os y no me ha dado la raz\u00f3n nunca, pero si lee en la redes lo mismo que le he dicho yo s\u00ed hace caso\u00bb<\/a><\/h2>\n\n<div style=\"line-height:1.7;\" class=\"wp-block-post-excerpt has-medium-font-size\"><p class=\"wp-block-post-excerpt__excerpt\">Buenas, soy Emilio Calatayud. Ya he comentado en alguna ocasi\u00f3n -casi todo lo que digo ya lo he comentado alguna vez- que los adolescentes no hablan con sus padres y, si lo hacen, es para decir &#8216;no&#8217;. Y punto, ni una palabra m\u00e1s (bueno, igual a\u00f1aden un &#8216;en plan&#8217;). Jam\u00e1s est\u00e1n de acuerdo con nada [&hellip;] <\/p><\/div><\/div>\n<\/div>\n<\/div>\n\n<\/li><\/ul><\/div>\n\n\n\n<div class=\"wp-block-group has-global-padding is-content-justification-left is-layout-constrained wp-container-core-group-is-layout-9821ac42 wp-block-group-is-layout-constrained\" style=\"margin-top:0;margin-bottom:0;padding-top:0;padding-right:var(--wp--preset--spacing--40);padding-bottom:var(--wp--preset--spacing--40);padding-left:var(--wp--preset--spacing--40)\"><nav class=\"wp-block-query-pagination is-content-justification-center is-nowrap is-layout-flex wp-container-core-query-pagination-is-layout-23441af8 wp-block-query-pagination-is-layout-flex\" aria-label=\"Paginaci\u00f3n\">\n\n\n<a href=\"\/juezcalatayud\/wp-json\/wp\/v2\/pages\/20618?query-31-page=2\" style=\"font-size:clamp(0.875rem, 0.875rem + ((1vw - 0.2rem) * 0.042), 0.9rem);text-transform:uppercase;letter-spacing:1px;\" class=\"wp-elements-165a8aa96a7546446f11c5f70728c230 wp-block-query-pagination-next\">P\u00e1gina siguiente<span class='wp-block-query-pagination-next-arrow is-arrow-arrow' aria-hidden='true'>\u2192<\/span><\/a>\n<\/nav><\/div>\n<\/div>\n<\/div>\n\n\n\n<div class=\"wp-block-column contenido_extra is-layout-flow wp-block-column-is-layout-flow\" style=\"padding-top:var(--wp--preset--spacing--40);padding-bottom:var(--wp--preset--spacing--40);flex-basis:30%\"><form role=\"search\" method=\"get\" action=\"https:\/\/www.granadablogs.com\/juezcalatayud\/\" style=\"margin-top:0;margin-bottom:var(--wp--preset--spacing--20);\" class=\"wp-block-search__button-outside wp-block-search__text-button wp-block-search\"    ><label class=\"wp-block-search__label\" for=\"wp-block-search__input-2\" >Buscar<\/label><div class=\"wp-block-search__inside-wrapper\" ><input class=\"wp-block-search__input\" id=\"wp-block-search__input-2\" placeholder=\"\" value=\"\" type=\"search\" name=\"s\" required \/><button aria-label=\"Buscar\" class=\"wp-block-search__button wp-element-button\" type=\"submit\" >Buscar<\/button><\/div><\/form>\n\n\n<p class=\"has-large-font-size\">Comentarios<\/p>\n\n\n\n<hr class=\"wp-block-separator has-alpha-channel-opacity is-style-wide\" style=\"margin-top:0;margin-bottom:0\"\/>\n\n\n<ol style=\"padding-right:0;padding-left:0;padding-top:var(--wp--preset--spacing--20);padding-bottom:var(--wp--preset--spacing--20);margin-top:0;margin-bottom:0;\" class=\"has-excerpts wp-block-latest-comments has-small-font-size\"><li class=\"wp-block-latest-comments__comment\"><article><footer class=\"wp-block-latest-comments__comment-meta\"><a class=\"wp-block-latest-comments__comment-author\" href=\"https:\/\/www.granadablogs.com\/juezcalatayud\/author\/admin\/\">Emilio Calatayud<\/a> en <a class=\"wp-block-latest-comments__comment-link\" href=\"https:\/\/www.granadablogs.com\/juezcalatayud\/2025\/08\/supongo-que-nadie-leera-este-comentario-porque-es-la-fiesta-del-15-de-agosto-y-estareis-en-otras-cosas-en-cualquier-caso-pasadlo-lo-mejor-posible\/comment-page-1\/#comment-37833\">Supongo que nadie leer\u00e1 este comentario porque es la fiesta del 15 de agosto y estar\u00e9is en otras cosas, en cualquier caso, pasadlo lo mejor posible<\/a><\/footer><div class=\"wp-block-latest-comments__comment-excerpt\"><p>Claro que s\u00ed. Gracias.<\/p>\n<\/div><\/article><\/li><li class=\"wp-block-latest-comments__comment\"><article><footer class=\"wp-block-latest-comments__comment-meta\"><a class=\"wp-block-latest-comments__comment-author\" href=\"https:\/\/www.granadablogs.com\/juezcalatayud\/author\/admin\/\">Emilio Calatayud<\/a> en <a class=\"wp-block-latest-comments__comment-link\" href=\"https:\/\/www.granadablogs.com\/juezcalatayud\/2025\/08\/empieza-el-curso-para-los-maestros-y-las-senos-ojala-que-os-respeten-los-alumnos-y-sus-padres-y-que-los-politicos-no-os-lien-mas-con-sus-reformas\/comment-page-1\/#comment-37832\">Empieza el curso para los maestros y las se\u00f1os, ojal\u00e1 que os respeten los alumnos&#8230; y sus padres, y que los pol\u00edticos no os l\u00eden m\u00e1s con sus reformas<\/a><\/footer><div class=\"wp-block-latest-comments__comment-excerpt\"><p>\u00c1nimo.<\/p>\n<\/div><\/article><\/li><li class=\"wp-block-latest-comments__comment\"><article><footer class=\"wp-block-latest-comments__comment-meta\"><span class=\"wp-block-latest-comments__comment-author\">andbonper<\/span> en <a class=\"wp-block-latest-comments__comment-link\" href=\"https:\/\/www.granadablogs.com\/juezcalatayud\/2025\/08\/empieza-el-curso-para-los-maestros-y-las-senos-ojala-que-os-respeten-los-alumnos-y-sus-padres-y-que-los-politicos-no-os-lien-mas-con-sus-reformas\/comment-page-1\/#comment-37830\">Empieza el curso para los maestros y las se\u00f1os, ojal\u00e1 que os respeten los alumnos&#8230; y sus padres, y que los pol\u00edticos no os l\u00eden m\u00e1s con sus reformas<\/a><\/footer><div class=\"wp-block-latest-comments__comment-excerpt\"><p>Don Emilio, correcto. Ma\u00f1ana ya tambi\u00e9n el profesorado de Secundaria volvemos al Instituto. C\u00f3mo humilde interino, estoy contento de poder&hellip;<\/p>\n<\/div><\/article><\/li><\/ol>\n\n\n<div class=\"wp-block-group has-global-padding is-layout-constrained wp-block-group-is-layout-constrained wp-container-3 is-position-sticky\">\n<div id=\"robapaginas-id\" class=\"robapaginas\" style=\"width: 300px; min-height: 0px; margin: 0 auto 0 auto;\" data-voc-vam=\"\" data-voc-vam-position=\"robapaginas\"><\/div>\n<\/div>\n<\/div>\n<\/div>\n<\/div>\n","protected":false},"excerpt":{"rendered":"<p>Emilio Calatayud Comentarios<\/p>\n","protected":false},"author":1,"featured_media":0,"parent":0,"menu_order":0,"comment_status":"closed","ping_status":"closed","template":"page-no-title","meta":{"jetpack_post_was_ever_published":false,"footnotes":""},"class_list":["post-20618","page","type-page","status-publish","hentry"],"jetpack_shortlink":"https:\/\/wp.me\/P5fzW5-5my","jetpack-related-posts":[],"jetpack_sharing_enabled":true,"_links":{"self":[{"href":"https:\/\/www.granadablogs.com\/juezcalatayud\/wp-json\/wp\/v2\/pages\/20618","targetHints":{"allow":["GET"]}}],"collection":[{"href":"https:\/\/www.granadablogs.com\/juezcalatayud\/wp-json\/wp\/v2\/pages"}],"about":[{"href":"https:\/\/www.granadablogs.com\/juezcalatayud\/wp-json\/wp\/v2\/types\/page"}],"author":[{"embeddable":true,"href":"https:\/\/www.granadablogs.com\/juezcalatayud\/wp-json\/wp\/v2\/users\/1"}],"replies":[{"embeddable":true,"href":"https:\/\/www.granadablogs.com\/juezcalatayud\/wp-json\/wp\/v2\/comments?post=20618"}],"version-history":[{"count":4,"href":"https:\/\/www.granadablogs.com\/juezcalatayud\/wp-json\/wp\/v2\/pages\/20618\/revisions"}],"predecessor-version":[{"id":20686,"href":"https:\/\/www.granadablogs.com\/juezcalatayud\/wp-json\/wp\/v2\/pages\/20618\/revisions\/20686"}],"wp:attachment":[{"href":"https:\/\/www.granadablogs.com\/juezcalatayud\/wp-json\/wp\/v2\/media?parent=20618"}],"curies":[{"name":"wp","href":"https:\/\/api.w.org\/{rel}","templated":true}]}}